{"id":229807,"date":"2023-07-07T00:32:31","date_gmt":"2023-07-07T00:32:31","guid":{"rendered":"https:\/\/pflegeschule-delmenhorst.de\/bewerbung\/?page_id=229807"},"modified":"2026-04-13T11:06:03","modified_gmt":"2026-04-13T11:06:03","slug":"start","status":"publish","type":"page","link":"https:\/\/pflegeschule-delmenhorst.de\/bewerbung\/","title":{"rendered":"Start"},"content":{"rendered":"<p>[et_pb_section fb_built=&#8220;1&#8243; _builder_version=&#8220;4.25.2&#8243; _module_preset=&#8220;default&#8220; background_color=&#8220;#faffc7&#8243; custom_padding=&#8220;49px||23px||false|false&#8220; global_colors_info=&#8220;{}&#8220;][et_pb_row disabled_on=&#8220;off|off|on&#8220; _builder_version=&#8220;4.26.0&#8243; _module_preset=&#8220;default&#8220; global_colors_info=&#8220;{}&#8220;][et_pb_column type=&#8220;4_4&#8243; _builder_version=&#8220;4.26.0&#8243; _module_preset=&#8220;default&#8220; global_colors_info=&#8220;{}&#8220;][et_pb_image src=&#8220;https:\/\/pflegeschule-delmenhorst.de\/bewerbung\/wp-content\/uploads\/2024\/06\/pflegerin-ausbildung.png&#8220; title_text=&#8220;pflegerin-ausbildung&#8220; align=&#8220;center&#8220; _builder_version=&#8220;4.26.0&#8243; _module_preset=&#8220;default&#8220; global_colors_info=&#8220;{}&#8220;][\/et_pb_image][\/et_pb_column][\/et_pb_row][et_pb_row column_structure=&#8220;1_2,1_2&#8243; _builder_version=&#8220;4.24.0&#8243; _module_preset=&#8220;default&#8220; global_colors_info=&#8220;{}&#8220;][et_pb_column type=&#8220;1_2&#8243; _builder_version=&#8220;4.24.0&#8243; _module_preset=&#8220;default&#8220; global_colors_info=&#8220;{}&#8220;][et_pb_text _builder_version=&#8220;4.26.0&#8243; _module_preset=&#8220;default&#8220; header_font=&#8220;&#8211;et_global_body_font|700|||||||&#8220; header_font_size=&#8220;35px&#8220; header_3_font=&#8220;|700|||||||&#8220; global_colors_info=&#8220;{}&#8220;]<\/p>\n<h3>Die Ausbildung bei uns!<\/h3>\n<h1>Schule f\u00fcr Pflegeberufe<\/h1>\n<p>[\/et_pb_text][et_pb_text _builder_version=&#8220;4.26.0&#8243; _module_preset=&#8220;default&#8220; text_font=&#8220;|600|||||||&#8220; custom_margin=&#8220;||||false|false&#8220; custom_padding=&#8220;0px||||false|false&#8220; global_colors_info=&#8220;{}&#8220;]<\/p>\n<p>Wir bilden f\u00fcr das Delme Klinikum Delmenhorst, f\u00fcr das Altenpflegeheim im Wichernstift, der ambulanten Intensivpflege Habitare, der<span> Fachklinik f\u00fcr Orthop\u00e4die, STENUM Ortho GmbH, dem DRK Rote Kreuz-Stift <\/span>\u00a0und der Seniorenresidenz Haus am Park aus.<\/p>\n<p>Wenn Du die Ausbildung zur Pflegefachfrau oder zum Pflegefachmann bei uns an der Schule f\u00fcr Pflegeberufe startest, so entscheidest Du Dich dazu, eine professionelle Fachkraft im Gesundheitswesen zu werden. Du wirst\u00a0 Patienten*innen und Bewohner*innen jeder Altersgruppe pflegen.<\/p>\n<p data-start=\"215\" data-end=\"450\">Ganz egal, f\u00fcr welchen Ausbildungsbetrieb du dich entscheidest \u2013 w\u00e4hrend deiner 3-j\u00e4hrigen Ausbildung wirst du viele spannende Einblicke in verschiedene Bereiche des Gesundheitswesens bekommen.<\/p>\n<p data-start=\"452\" data-end=\"706\">Du sammelst praktische Erfahrungen in Krankenh\u00e4usern, Pflegeheimen, ambulanten Pflegediensten und weiteren Einrichtungen. Selbst wenn du deine Ausbildung z.\u202fB. in einem Altenheim beginnst, geh\u00f6ren auch Eins\u00e4tze in der Kinderpflege (P\u00e4diatrie) mit dazu.<\/p>\n<p data-start=\"708\" data-end=\"816\">So findest du auch heraus, was dir am meisten liegt \u2013 und du entdeckst vielleicht schon fr\u00fch deinen Lieblingseinsatzort oder Wunscheinsatzbereich f\u00fcr die Zeit nach der Ausbildung<\/p>\n<p>In Deinem sp\u00e4teren Berufsalltag als Pflegefachperson hast Du den \u00dcberblick \u00fcber den Gesundheitszustand der zu versorgenden Menschen, arbeitest immer im Team und mit anderen Berufsgruppen zusammen.<\/p>\n<p>[\/et_pb_text][dsm_button button_one_text=&#8220;Hier informieren&#8220; button_one_url=&#8220;#beruf&#8220; button_two_text=&#8220;JETZT BEWERBEN&#8220; button_two_url=&#8220;#bewerbung&#8220; _builder_version=&#8220;4.24.0&#8243; _module_preset=&#8220;default&#8220; custom_button_one=&#8220;on&#8220; button_one_text_size=&#8220;16px&#8220; button_one_text_color=&#8220;#000000&#8243; button_one_bg_color=&#8220;#e8fd02&#8243; button_one_border_width=&#8220;0px&#8220; button_one_border_color=&#8220;#000000&#8243; button_one_border_radius=&#8220;23px&#8220; button_one_font=&#8220;Barlow|700|||||||&#8220; button_one_icon_color=&#8220;#000000&#8243; custom_button_two=&#8220;on&#8220; button_two_text_size=&#8220;16px&#8220; button_two_text_color=&#8220;#FFFFFF&#8220; button_two_bg_color=&#8220;#000000&#8243; button_two_border_width=&#8220;0px&#8220; button_two_border_color=&#8220;#000000&#8243; button_two_border_radius=&#8220;23px&#8220; button_two_font=&#8220;Barlow|700|||||||&#8220; button_two_icon_color=&#8220;#FFFFFF&#8220; global_colors_info=&#8220;{}&#8220;][\/dsm_button][\/et_pb_column][et_pb_column type=&#8220;1_2&#8243; _builder_version=&#8220;4.24.0&#8243; _module_preset=&#8220;default&#8220; global_colors_info=&#8220;{}&#8220;][et_pb_image src=&#8220;https:\/\/pflegeschule-delmenhorst.de\/bewerbung\/wp-content\/uploads\/2024\/06\/pflegerin-ausbildung.png&#8220; title_text=&#8220;pflegerin-ausbildung&#8220; disabled_on=&#8220;on|on|off&#8220; _builder_version=&#8220;4.26.0&#8243; _module_preset=&#8220;default&#8220; width=&#8220;450px&#8220; module_alignment=&#8220;right&#8220; custom_margin=&#8220;-40px|||||&#8220; border_color_all=&#8220;#FFFFFF&#8220; global_colors_info=&#8220;{}&#8220;][\/et_pb_image][\/et_pb_column][\/et_pb_row][\/et_pb_section][et_pb_section fb_built=&#8220;1&#8243; specialty=&#8220;on&#8220; module_id=&#8220;ausbildung&#8220; _builder_version=&#8220;4.24.0&#8243; _module_preset=&#8220;default&#8220; background_color=&#8220;#FFFFFF&#8220; global_colors_info=&#8220;{}&#8220;][et_pb_column type=&#8220;1_3&#8243; _builder_version=&#8220;4.16&#8243; custom_padding=&#8220;|||&#8220; global_colors_info=&#8220;{}&#8220; custom_padding__hover=&#8220;|||&#8220;][et_pb_text _builder_version=&#8220;4.26.0&#8243; _module_preset=&#8220;default&#8220; header_font=&#8220;&#8211;et_global_body_font|700|||||||&#8220; header_font_size=&#8220;35px&#8220; header_2_font=&#8220;&#8211;et_global_body_font|700|||||||&#8220; header_2_font_size=&#8220;35px&#8220; header_3_font=&#8220;|700|||||||&#8220; custom_margin=&#8220;||31px||false|false&#8220; global_colors_info=&#8220;{}&#8220;]<\/p>\n<h2>Die Ausbildung<\/h2>\n<p>[\/et_pb_text][et_pb_text _builder_version=&#8220;4.24.0&#8243; _module_preset=&#8220;default&#8220; header_3_font=&#8220;Barlow|700|||||||&#8220; custom_margin=&#8220;||0px|||&#8220; global_colors_info=&#8220;{}&#8220;]<\/p>\n<h3>Die Ausbildungen in den Pflegeberufen<\/h3>\n<p>[\/et_pb_text][et_pb_text _builder_version=&#8220;4.24.0&#8243; _module_preset=&#8220;default&#8220; custom_margin=&#8220;||||false|false&#8220; custom_padding=&#8220;21px|||||&#8220; global_colors_info=&#8220;{}&#8220;]<\/p>\n<p><span>Pflege ist die Betreuung eines Menschen, der in seiner Selbstpflegekompetenz bez\u00fcglich Wissen, Entscheidungsfindung und zielgerichtetem Handeln eingeschr\u00e4nkt ist. Professionelle Pflege ermittelt den daraus entstehenden Pflegebedarf und leitet angemessene Selbstpflegehandlungen an, unterst\u00fctzt oder \u00fcbernimmt sie. Das Ziel der Pflege ist es, die Selbstpflegekompetenz des Menschen wiederherzustellen oder hinsichtlich aktueller und zuk\u00fcnftiger Ereignisse zu entwickeln<\/span><\/p>\n<p>[\/et_pb_text][\/et_pb_column][et_pb_column type=&#8220;2_3&#8243; specialty_columns=&#8220;2&#8243; _builder_version=&#8220;4.16&#8243; custom_padding=&#8220;|||&#8220; global_colors_info=&#8220;{}&#8220; custom_padding__hover=&#8220;|||&#8220;][et_pb_row_inner column_structure=&#8220;1_2,1_2&#8243; use_custom_gutter=&#8220;on&#8220; gutter_width=&#8220;2&#8243; _builder_version=&#8220;4.24.0&#8243; _module_preset=&#8220;default&#8220; custom_margin=&#8220;78px||||false|false&#8220; custom_padding=&#8220;||0px|||&#8220; global_colors_info=&#8220;{}&#8220;][et_pb_column_inner type=&#8220;1_2&#8243; saved_specialty_column_type=&#8220;2_3&#8243; _builder_version=&#8220;4.21.0&#8243; _module_preset=&#8220;default&#8220; global_colors_info=&#8220;{}&#8220;][et_pb_text _builder_version=&#8220;4.24.0&#8243; _module_preset=&#8220;default&#8220; header_3_font=&#8220;Barlow|700|||||||&#8220; custom_margin=&#8220;||0px|||&#8220; custom_padding=&#8220;||24px||false|false&#8220; global_colors_info=&#8220;{}&#8220;]<\/p>\n<h3>Pflegen lernen bedeutet<\/h3>\n<p>[\/et_pb_text][dsm_icon_list icon_padding=&#8220;7px&#8220; _builder_version=&#8220;4.26.0&#8243; _module_preset=&#8220;default&#8220; custom_margin=&#8220;|||1px||&#8220; global_colors_info=&#8220;{}&#8220;][dsm_icon_list_child text=&#8220;Personenbezogene Ausrichtung der Pflege&#8220; font_icon=&#8220;&#xe046;||divi||400&#8243; icon_color=&#8220;#aec807&#8243; _builder_version=&#8220;4.26.0&#8243; _module_preset=&#8220;default&#8220; custom_margin=&#8220;||||false|false&#8220; custom_padding=&#8220;||8px||false|false&#8220; global_colors_info=&#8220;{}&#8220;][\/dsm_icon_list_child][dsm_icon_list_child text=&#8220;Beratung in Gesundheitsfragen&#8220; font_icon=&#8220;&#xe046;||divi||400&#8243; icon_color=&#8220;#aec807&#8243; _builder_version=&#8220;4.25.2&#8243; _module_preset=&#8220;default&#8220; custom_margin=&#8220;||||false|false&#8220; custom_padding=&#8220;||8px||false|false&#8220; global_colors_info=&#8220;{}&#8220;][\/dsm_icon_list_child][dsm_icon_list_child text=&#8220;Integration pflegewissenschaftlicher Erkenntnisse&#8220; font_icon=&#8220;&#xe046;||divi||400&#8243; icon_color=&#8220;#aec807&#8243; _builder_version=&#8220;4.25.2&#8243; _module_preset=&#8220;default&#8220; custom_margin=&#8220;||||false|false&#8220; custom_padding=&#8220;||8px||false|false&#8220; global_colors_info=&#8220;{}&#8220;][\/dsm_icon_list_child][dsm_icon_list_child text=&#8220;Pflegequalit\u00e4t entwickeln und sichern&#8220; font_icon=&#8220;&#xe046;||divi||400&#8243; icon_color=&#8220;#aec807&#8243; _builder_version=&#8220;4.26.0&#8243; _module_preset=&#8220;default&#8220; custom_margin=&#8220;||||false|false&#8220; custom_padding=&#8220;||8px||false|false&#8220; global_colors_info=&#8220;{}&#8220;][\/dsm_icon_list_child][dsm_icon_list_child text=&#8220;Mitwirkung bei medizinischer Therapie&#8220; font_icon=&#8220;&#xe046;||divi||400&#8243; icon_color=&#8220;#aec807&#8243; _builder_version=&#8220;4.26.0&#8243; _module_preset=&#8220;default&#8220; custom_margin=&#8220;||||false|false&#8220; custom_padding=&#8220;||8px||false|false&#8220; global_colors_info=&#8220;{}&#8220;][\/dsm_icon_list_child][dsm_icon_list_child text=&#8220;Lebenserhaltende Sofortma\u00dfnahmen einleiten&#8220; font_icon=&#8220;&#xe046;||divi||400&#8243; icon_color=&#8220;#aec807&#8243; _builder_version=&#8220;4.26.0&#8243; _module_preset=&#8220;default&#8220; global_colors_info=&#8220;{}&#8220;][\/dsm_icon_list_child][dsm_icon_list_child text=&#8220;Berufliches Selbstverst\u00e4ndnis entwickeln&#8220; font_icon=&#8220;&#xe046;||divi||400&#8243; icon_color=&#8220;#aec807&#8243; _builder_version=&#8220;4.26.0&#8243; _module_preset=&#8220;default&#8220; global_colors_info=&#8220;{}&#8220;][\/dsm_icon_list_child][dsm_icon_list_child text=&#8220;In Gruppen und Teams zusammenarbeiten&#8220; font_icon=&#8220;&#xe046;||divi||400&#8243; icon_color=&#8220;#aec807&#8243; _builder_version=&#8220;4.26.0&#8243; _module_preset=&#8220;default&#8220; global_colors_info=&#8220;{}&#8220;][\/dsm_icon_list_child][\/dsm_icon_list][\/et_pb_column_inner][et_pb_column_inner type=&#8220;1_2&#8243; saved_specialty_column_type=&#8220;2_3&#8243; _builder_version=&#8220;4.21.0&#8243; _module_preset=&#8220;default&#8220; global_colors_info=&#8220;{}&#8220;][dsm_icon_list icon_padding=&#8220;7px&#8220; _builder_version=&#8220;4.25.2&#8243; _module_preset=&#8220;default&#8220; custom_margin=&#8220;52px|||1px|false|false&#8220; global_colors_info=&#8220;{}&#8220;][dsm_icon_list_child text=&#8220;seine Handlungen kritisch hinterfragen und reflektieren&#8220; font_icon=&#8220;&#xe046;||divi||400&#8243; icon_color=&#8220;#aec807&#8243; _builder_version=&#8220;4.24.0&#8243; _module_preset=&#8220;default&#8220; custom_margin=&#8220;||||false|false&#8220; custom_padding=&#8220;||8px||false|false&#8220; global_colors_info=&#8220;{}&#8220;][\/dsm_icon_list_child][dsm_icon_list_child text=&#8220;sich fortlaufend weiterentwickeln und Neues dazulernen&#8220; font_icon=&#8220;&#xe046;||divi||400&#8243; icon_color=&#8220;#aec807&#8243; _builder_version=&#8220;4.24.0&#8243; _module_preset=&#8220;default&#8220; custom_margin=&#8220;||||false|false&#8220; custom_padding=&#8220;||8px||false|false&#8220; global_colors_info=&#8220;{}&#8220;][\/dsm_icon_list_child][dsm_icon_list_child text=&#8220;herausgefordert werden durch Situationen, wie beispielsweise Krisen&#8220; font_icon=&#8220;&#xe046;||divi||400&#8243; icon_color=&#8220;#aec807&#8243; _builder_version=&#8220;4.24.0&#8243; _module_preset=&#8220;default&#8220; custom_margin=&#8220;||||false|false&#8220; custom_padding=&#8220;||8px||false|false&#8220; global_colors_info=&#8220;{}&#8220;][\/dsm_icon_list_child][\/dsm_icon_list][\/et_pb_column_inner][\/et_pb_row_inner][\/et_pb_column][\/et_pb_section][et_pb_section fb_built=&#8220;1&#8243; module_id=&#8220;beruf&#8220; _builder_version=&#8220;4.24.0&#8243; _module_preset=&#8220;default&#8220; background_color=&#8220;#aec807&#8243; custom_padding=&#8220;||||false|false&#8220; global_colors_info=&#8220;{}&#8220;][et_pb_row column_structure=&#8220;1_3,2_3&#8243; _builder_version=&#8220;4.21.0&#8243; _module_preset=&#8220;default&#8220; custom_padding=&#8220;||0px|||&#8220; global_colors_info=&#8220;{}&#8220;][et_pb_column type=&#8220;1_3&#8243; _builder_version=&#8220;4.21.0&#8243; _module_preset=&#8220;default&#8220; global_colors_info=&#8220;{}&#8220;][et_pb_text _builder_version=&#8220;4.26.0&#8243; _module_preset=&#8220;default&#8220; header_font=&#8220;&#8211;et_global_body_font|700|||||||&#8220; header_font_size=&#8220;35px&#8220; header_2_font=&#8220;&#8211;et_global_body_font|700|||||||&#8220; header_2_text_color=&#8220;#FFFFFF&#8220; header_2_font_size=&#8220;35px&#8220; header_2_line_height=&#8220;1.4em&#8220; header_3_font=&#8220;|700|||||||&#8220; custom_margin=&#8220;||31px||false|false&#8220; global_colors_info=&#8220;{}&#8220;]<\/p>\n<h2>Pflegefachfrau \/ Pflegefachmann<\/h2>\n<p>[\/et_pb_text][et_pb_text _builder_version=&#8220;4.24.0&#8243; _module_preset=&#8220;default&#8220; text_font=&#8220;|600|||||||&#8220; text_text_color=&#8220;#FFFFFF&#8220; custom_margin=&#8220;||||false|false&#8220; custom_padding=&#8220;21px|||||&#8220; global_colors_info=&#8220;{}&#8220;]<\/p>\n<p><span>Die Ausbildung zur Pflegefachfrau \/<\/span><br \/><span>zum Pflegefachmann (generalistische Ausrichtung)<\/span><\/p>\n<p>[\/et_pb_text][\/et_pb_column][et_pb_column type=&#8220;2_3&#8243; _builder_version=&#8220;4.21.0&#8243; _module_preset=&#8220;default&#8220; global_colors_info=&#8220;{}&#8220;][et_pb_tabs _builder_version=&#8220;4.27.4&#8243; _module_preset=&#8220;default&#8220; global_colors_info=&#8220;{}&#8220;][et_pb_tab title=&#8220;Ausbildung &#8220; _builder_version=&#8220;4.27.4&#8243; _module_preset=&#8220;default&#8220; global_colors_info=&#8220;{}&#8220;]<\/p>\n<p>Wir bilden in 3 Jahrgangskursen mit etwa 60 Auszubildende Pflegefachpersonen f\u00fcr das <span>Delme Klinikum Delmenhorst, f\u00fcr das Altenpflegeheim im Wichernstift, der ambulanten Intensivpflege Habitare, der<\/span><span> Fachklinik f\u00fcr Orthop\u00e4die STENUM Ortho GmbH, dem DRK Rote Kreuz-Stift <\/span><span>und der Seniorenresidenz Haus am Park aus.<\/span><\/p>\n<ul>\n<li>Ausbildungsdauer: 3 Jahre (inklusive 6 Monate Probezeit)<\/li>\n<li>generalistische Ausbildung in der Pflege in Theorie und Praxis in Vollzeit<\/li>\n<li>abwechselnd Theoriebl\u00f6cke und Praxisbl\u00f6cke<\/li>\n<li>aktive Teilnahme an den Theoriebl\u00f6cken in der Pflegeschule<\/li>\n<li>aktive Teilnahme in den Praxisphasen, die vorwiegend in der Akutklinik und der Kinderklinik des Delme Klinikums Delmenhorst stattfinden<\/li>\n<li>aktive Teilnahme in den Praxisphasen, die im station\u00e4ren Bereichen der Langzeitversorgung stattfinden<\/li>\n<li>aktive Teilnahme in den Praxisphasen, die im station\u00e4ren und ambulanten Bereichen unserer Kooperationspartner*innen wie Psychiatrien und ambulaten Pflegediensten stattfinden<\/li>\n<li>Abschluss: staatlich anerkanntes Examen als Pflegefachfrau, Pflegefachmann oder Pflegefachperson<\/li>\n<\/ul>\n<p>Grundlage der Ausbildung bildet die &#8222;generalistische&#8220; Pflegeausbildung nach dem Pflegeberufegesetz von 2020.<\/p>\n<p>[\/et_pb_tab][et_pb_tab title=&#8220;Die theoretische Ausbildung&#8220; _builder_version=&#8220;4.27.4&#8243; _module_preset=&#8220;default&#8220; global_colors_info=&#8220;{}&#8220;]<\/p>\n<p><strong>Nichts ist so praktisch wie eine gute Theorie<\/strong><\/p>\n<p>Die theoretische Ausbildung umfasst 2400 Stunden in 3 Jahren und findet in der Schule f\u00fcr Pflegeberufe statt. Wir haben die Theorie-Stunden auf Studientage und Blockwochen verteilt.<\/p>\n<p>&nbsp;<\/p>\n<p><strong>Nicht alle Theorie findet im Klassenraum statt!<\/strong><\/p>\n<p>Du wirst mit deinem Kurs an Seminaren, Besichtigungen, Tagungen und Kongressen teilnehmen.<br \/>Du nutzt weiterf\u00fchrende Fachb\u00fccher und Fachzeitschriften in und aus der Schulbibliothek.<br \/>Du wendest Theoriewissen ganz praktisch im \u00dcbungsraum mit den anderen Auszubildenden und Lehrer*innen an.<\/p>\n<p>&nbsp;<\/p>\n<p><strong>Wissen ist die Sicherheit f\u00fcr Theorie und Praxis<\/strong><\/p>\n<p>Im Verlauf der Ausbildung stellst Du Dein Wissen bei unterschiedlichen Leistungsnachweisen dar:<br \/>&#8211; Klausuren<br \/>&#8211; Referate, Hausarbeiten, Projekte<br \/>&#8211; M\u00fcndliche Pr\u00fcfungen (nach dem 1. und 2. Ausbildungsjahr)<br \/>&#8211; Abschlusspr\u00fcfung (praktisch, m\u00fcndlich, schriftlich)<\/p>\n<p>[\/et_pb_tab][et_pb_tab title=&#8220;Die praktische Ausbildung&#8220; _builder_version=&#8220;4.27.4&#8243; _module_preset=&#8220;default&#8220; global_colors_info=&#8220;{}&#8220;]<\/p>\n<p><strong>Der Transfer Theorie-Praxis &#8211; Verantwortliches Handeln<\/strong><\/p>\n<p>Die praktische Ausbildung umfasst ca. 2500 Std. und wird auf verschiedenen Pflegestationen und in Funktionsbereichen der station\u00e4ren und ambulanten Patientenversorgung durchgef\u00fchrt. Du lernst verschiedene Einrichtungen des Gesundheitswesens kennen.<\/p>\n<p>&nbsp;<\/p>\n<p>Eine Lehrkraft f\u00fcr Pflegeberufe ist f\u00fcr die gesamte Ausbildungszeit Dein fester\/ Deine feste Praxisbegleiter*in. Sie strukturiert Deine Praxisausbildung durch geplante Begleitungen und Gespr\u00e4che. In Zusammenarbeit mit den Praxisanleiter*innen auf den Stationen erh\u00e4ltst Du somit kontinuierlich R\u00fcckmeldungen \u00fcber deinen Lernstand. Die Schule f\u00fcr Pflegeberufe und die Praxisbereiche arbeiten hierbei, wie auch bei Praxis- und Stationsauftr\u00e4gen systematisch zusammen.<\/p>\n<p>&nbsp;<\/p>\n<p><strong>Was brauchst Du f\u00fcr die Praxis? Das wirst Du daf\u00fcr erlernen!<\/strong><\/p>\n<p>Verschiedene, beruflich notwendige Kompetenzen, professionell und gut handelnder Pflegefachfrauen und -m\u00e4nner<\/p>\n<p>&#8211; <strong>Fachkompetenz<\/strong> Wahrnehmung, Beobachtung, Bewertung<\/p>\n<p>&#8211; <strong>Methodenkompetenz<\/strong> Selbstst\u00e4ndige Weiterentwicklung des K\u00f6nnens<\/p>\n<p>&#8211; <strong>Sozial-kommunikative Kompetenz<\/strong> Teamarbeit, Kooperation, Gespr\u00e4chsf\u00fchrung<\/p>\n<p>&#8211; <strong>Personale Kompetenz<\/strong> Umgang mit Belastung, Selbstreflexion, Balance<\/p>\n<p>&nbsp;<\/p>\n<p>[\/et_pb_tab][\/et_pb_tabs][\/et_pb_column][\/et_pb_row][\/et_pb_section][et_pb_section fb_built=&#8220;1&#8243; module_id=&#8220;bewerbung&#8220; _builder_version=&#8220;4.24.0&#8243; _module_preset=&#8220;default&#8220; background_color=&#8220;#FFFFFF&#8220; custom_padding=&#8220;||||false|false&#8220; global_colors_info=&#8220;{}&#8220;][et_pb_row _builder_version=&#8220;4.21.0&#8243; _module_preset=&#8220;default&#8220; custom_padding=&#8220;||0px|||&#8220; global_colors_info=&#8220;{}&#8220;][et_pb_column type=&#8220;4_4&#8243; _builder_version=&#8220;4.21.0&#8243; _module_preset=&#8220;default&#8220; global_colors_info=&#8220;{}&#8220;][et_pb_text _builder_version=&#8220;4.26.0&#8243; _module_preset=&#8220;default&#8220; header_font=&#8220;&#8211;et_global_body_font|700|||||||&#8220; header_font_size=&#8220;35px&#8220; header_2_font=&#8220;&#8211;et_global_body_font|700|||||||&#8220; header_2_font_size=&#8220;35px&#8220; header_3_font=&#8220;|700|||||||&#8220; custom_margin=&#8220;||31px||false|false&#8220; global_colors_info=&#8220;{}&#8220;]<\/p>\n<h2>Bewerbungsformular<\/h2>\n<p>[\/et_pb_text][\/et_pb_column][\/et_pb_row][et_pb_row column_structure=&#8220;2_3,1_3&#8243; use_custom_gutter=&#8220;on&#8220; gutter_width=&#8220;2&#8243; _builder_version=&#8220;4.26.0&#8243; _module_preset=&#8220;default&#8220; global_colors_info=&#8220;{}&#8220;][et_pb_column type=&#8220;2_3&#8243; _builder_version=&#8220;4.24.0&#8243; _module_preset=&#8220;default&#8220; background_color=&#8220;#f4f4f4&#8243; global_colors_info=&#8220;{}&#8220;][et_pb_contact_form use_spam_service=&#8220;on&#8220; recaptcha_list=&#8220;aprimus|aprimus-0&#8243; email=&#8220;pflegeschule@delme-klinikum.de&#8220; custom_message=&#8220;Daten||et_pb_line_break_holder||=====||et_pb_line_break_holder||Email: %%email%%||et_pb_line_break_holder||Vorname: %%Vorname%%||et_pb_line_break_holder||Nachname: %%Nachname%%||et_pb_line_break_holder||Geburtsdatum: %%geburtsdatum%%||et_pb_line_break_holder||Alter: %%Alter%%||et_pb_line_break_holder||Geschlecht: %%geschlecht%%||et_pb_line_break_holder||Geburtsort: %%geburtsort%%||et_pb_line_break_holder||Strasse \/ Hausnummer: %%Strasse%%||et_pb_line_break_holder||Postleitzahl: %%plz%%||et_pb_line_break_holder||Wohnort: %%wohnort%%||et_pb_line_break_holder||Bewerbungsschreiben: %%Bewerbungsschreiben%%||et_pb_line_break_holder||Lebenslauf: %%Lebenslauf%%||et_pb_line_break_holder||Zeugnisse: %%Zeugnisse%%||et_pb_line_break_holder||Sonstiges: %%Sonstiges%%||et_pb_line_break_holder||Datenschutz: %%Datenschutz%%||et_pb_line_break_holder||||et_pb_line_break_holder||Dateien||et_pb_line_break_holder||=======||et_pb_line_break_holder||Bewerbungssschreiben: %%Bewerbungsschreiben%%||et_pb_line_break_holder||Lebenslauf: %%Lebenslauf%%||et_pb_line_break_holder||Zeugnisse: %%Zeugnisse%%||et_pb_line_break_holder||&#8220; success_message=&#8220;<\/p>\n<p>Vielen Dank f\u00fcr deine Bewerbung, wir werden uns zeitnah bei dir melden.<\/p>\n<p>&#8220; _builder_version=&#8220;4.27.6&#8243; _module_preset=&#8220;default&#8220; _unique_id=&#8220;3e99ea11-ea23-4b9b-9420-90deff888147&#8243; form_field_background_color=&#8220;#FFFFFF&#8220; form_field_text_color=&#8220;#000000&#8243; custom_button=&#8220;on&#8220; button_text_color=&#8220;#FFFFFF&#8220; button_bg_color=&#8220;#000000&#8243; button_border_width=&#8220;0px&#8220; button_border_radius=&#8220;39px&#8220; custom_padding=&#8220;15px|15px|15px|15px|false|false&#8220; hover_enabled=&#8220;0&#8243; admin_email_subject=&#8220;Bewerbungsanfrage LandingPage&#8220; save_files_to_media=&#8220;on&#8220; send_files_as_attachment=&#8220;off&#8220; file_button_background=&#8220;#aec807&#8243; file_button_color=&#8220;#FFFFFF&#8220; file_button_size=&#8220;14px&#8220; file_button_border_color=&#8220;RGBA(255,255,255,0)&#8220; global_colors_info=&#8220;{}&#8220; sticky_enabled=&#8220;0&#8243;][et_pb_contact_field field_id=&#8220;Vorname&#8220; field_title=&#8220;Vorname&#8220; _builder_version=&#8220;4.24.0&#8243; use_field_label=&#8220;on&#8220; global_colors_info=&#8220;{}&#8220; button_text_size__hover_enabled=&#8220;off&#8220; button_one_text_size__hover_enabled=&#8220;off&#8220; button_two_text_size__hover_enabled=&#8220;off&#8220; button_text_color__hover_enabled=&#8220;off&#8220; button_one_text_color__hover_enabled=&#8220;off&#8220; button_two_text_color__hover_enabled=&#8220;off&#8220; button_border_width__hover_enabled=&#8220;off&#8220; button_one_border_width__hover_enabled=&#8220;off&#8220; button_two_border_width__hover_enabled=&#8220;off&#8220; button_border_color__hover_enabled=&#8220;off&#8220; button_one_border_color__hover_enabled=&#8220;off&#8220; button_two_border_color__hover_enabled=&#8220;off&#8220; button_border_radius__hover_enabled=&#8220;off&#8220; button_one_border_radius__hover_enabled=&#8220;off&#8220; button_two_border_radius__hover_enabled=&#8220;off&#8220; button_letter_spacing__hover_enabled=&#8220;off&#8220; button_one_letter_spacing__hover_enabled=&#8220;off&#8220; button_two_letter_spacing__hover_enabled=&#8220;off&#8220; button_bg_color__hover_enabled=&#8220;off&#8220; button_one_bg_color__hover_enabled=&#8220;off&#8220; button_two_bg_color__hover_enabled=&#8220;off&#8220;][\/et_pb_contact_field][et_pb_contact_field field_id=&#8220;Nachname&#8220; field_title=&#8220;Nachname&#8220; _builder_version=&#8220;4.24.0&#8243; use_field_label=&#8220;on&#8220; global_colors_info=&#8220;{}&#8220; button_text_size__hover_enabled=&#8220;off&#8220; button_one_text_size__hover_enabled=&#8220;off&#8220; button_two_text_size__hover_enabled=&#8220;off&#8220; button_text_color__hover_enabled=&#8220;off&#8220; button_one_text_color__hover_enabled=&#8220;off&#8220; button_two_text_color__hover_enabled=&#8220;off&#8220; button_border_width__hover_enabled=&#8220;off&#8220; button_one_border_width__hover_enabled=&#8220;off&#8220; button_two_border_width__hover_enabled=&#8220;off&#8220; button_border_color__hover_enabled=&#8220;off&#8220; button_one_border_color__hover_enabled=&#8220;off&#8220; button_two_border_color__hover_enabled=&#8220;off&#8220; button_border_radius__hover_enabled=&#8220;off&#8220; button_one_border_radius__hover_enabled=&#8220;off&#8220; button_two_border_radius__hover_enabled=&#8220;off&#8220; button_letter_spacing__hover_enabled=&#8220;off&#8220; button_one_letter_spacing__hover_enabled=&#8220;off&#8220; button_two_letter_spacing__hover_enabled=&#8220;off&#8220; button_bg_color__hover_enabled=&#8220;off&#8220; button_one_bg_color__hover_enabled=&#8220;off&#8220; button_two_bg_color__hover_enabled=&#8220;off&#8220;][\/et_pb_contact_field][et_pb_contact_field field_id=&#8220;geburtsdatum&#8220; field_title=&#8220;Geburtsdatum&#8220; _builder_version=&#8220;4.25.2&#8243; _module_preset=&#8220;default&#8220; use_field_label=&#8220;on&#8220; use_datetime=&#8220;on&#8220; datetime_type=&#8220;date&#8220; custom_date_format=&#8220;d-m-Y&#8220; datetime_week_start=&#8220;Monday&#8220; datetime_disabled_week_days=&#8220;off|off|off|off|off|off|off&#8220; datetime_disabled_weeks=&#8220;off&#8220; datetime_setcurrent_datetime=&#8220;on&#8220; global_colors_info=&#8220;{}&#8220;][\/et_pb_contact_field][et_pb_contact_field field_id=&#8220;Alter&#8220; field_title=&#8220;Alter&#8220; _builder_version=&#8220;4.24.0&#8243; _module_preset=&#8220;default&#8220; use_field_label=&#8220;on&#8220; global_colors_info=&#8220;{}&#8220;][\/et_pb_contact_field][et_pb_contact_field field_id=&#8220;geschlecht&#8220; field_title=&#8220;Geschlecht&#8220; field_type=&#8220;radio&#8220; radio_options=&#8220;%91{%22value%22:%22m\u00e4nnlich%22,%22checked%22:0,%22dragID%22:-1},{%22dragID%22:0,%22value%22:%22weiblich%22,%22checked%22:0},{%22dragID%22:1,%22value%22:%22diverse%22,%22checked%22:0}%93&#8243; fullwidth_field=&#8220;on&#8220; _builder_version=&#8220;4.26.0&#8243; _module_preset=&#8220;default&#8220; field_description_location=&#8220;above&#8220; radio_layout=&#8220;inline&#8220; global_colors_info=&#8220;{}&#8220;][\/et_pb_contact_field][et_pb_contact_field field_id=&#8220;geburtsort&#8220; field_title=&#8220;Geburtsort&#8220; fullwidth_field=&#8220;on&#8220; _builder_version=&#8220;4.24.0&#8243; _module_preset=&#8220;default&#8220; use_field_label=&#8220;on&#8220; global_colors_info=&#8220;{}&#8220;][\/et_pb_contact_field][et_pb_contact_field field_id=&#8220;Strasse&#8220; field_title=&#8220;Strasse \/ Hausnummer&#8220; fullwidth_field=&#8220;on&#8220; _builder_version=&#8220;4.24.0&#8243; _module_preset=&#8220;default&#8220; use_field_label=&#8220;on&#8220; global_colors_info=&#8220;{}&#8220;][\/et_pb_contact_field][et_pb_contact_field field_id=&#8220;plz&#8220; field_title=&#8220;Postleitzahl&#8220; _builder_version=&#8220;4.24.0&#8243; _module_preset=&#8220;default&#8220; use_field_label=&#8220;on&#8220; global_colors_info=&#8220;{}&#8220;][\/et_pb_contact_field][et_pb_contact_field field_id=&#8220;wohnort&#8220; field_title=&#8220;Wohnort&#8220; _builder_version=&#8220;4.24.0&#8243; _module_preset=&#8220;default&#8220; use_field_label=&#8220;on&#8220; global_colors_info=&#8220;{}&#8220;][\/et_pb_contact_field][et_pb_contact_field field_id=&#8220;email&#8220; field_title=&#8220;E-Mail-Adresse&#8220; field_type=&#8220;email&#8220; fullwidth_field=&#8220;on&#8220; _builder_version=&#8220;4.27.0&#8243; use_field_label=&#8220;on&#8220; global_colors_info=&#8220;{}&#8220; button_text_size__hover_enabled=&#8220;off&#8220; button_one_text_size__hover_enabled=&#8220;off&#8220; button_two_text_size__hover_enabled=&#8220;off&#8220; button_text_color__hover_enabled=&#8220;off&#8220; button_one_text_color__hover_enabled=&#8220;off&#8220; button_two_text_color__hover_enabled=&#8220;off&#8220; button_border_width__hover_enabled=&#8220;off&#8220; button_one_border_width__hover_enabled=&#8220;off&#8220; button_two_border_width__hover_enabled=&#8220;off&#8220; button_border_color__hover_enabled=&#8220;off&#8220; button_one_border_color__hover_enabled=&#8220;off&#8220; button_two_border_color__hover_enabled=&#8220;off&#8220; button_border_radius__hover_enabled=&#8220;off&#8220; button_one_border_radius__hover_enabled=&#8220;off&#8220; button_two_border_radius__hover_enabled=&#8220;off&#8220; button_letter_spacing__hover_enabled=&#8220;off&#8220; button_one_letter_spacing__hover_enabled=&#8220;off&#8220; button_two_letter_spacing__hover_enabled=&#8220;off&#8220; button_bg_color__hover_enabled=&#8220;off&#8220; button_one_bg_color__hover_enabled=&#8220;off&#8220; button_two_bg_color__hover_enabled=&#8220;off&#8220;][\/et_pb_contact_field][et_pb_contact_field field_id=&#8220;Tr\u00e4ger_der_Ausbildung&#8220; field_title=&#8220;Gew\u00fcnschter Ausbildungsbetrieb&#8220; field_type=&#8220;select&#8220; select_options=&#8220;%91{%22value%22:%22Delme Klinikum Delmenhorst%22,%22checked%22:0,%22dragID%22:-1},{%22value%22:%22Altenpflegeheim Wichernstift%22,%22checked%22:0,%22dragID%22:0},{%22value%22:%22DRK Rote Kreuz-Stift%22,%22checked%22:0,%22dragID%22:3},{%22value%22:%22Habitare Ambulante Intensivpflege%22,%22checked%22:0,%22dragID%22:1},{%22value%22:%22Pflege- und Seniorenwohnen am Moorweg%22,%22checked%22:0,%22dragID%22:6},{%22value%22:%22Seniorenresidenz Haus am Park%22,%22checked%22:0,%22dragID%22:2},{%22dragID%22:4,%22value%22:%22STENUM Ortho GmbH- Fachklinik f\u00fcr Orthop\u00e4die%22,%22checked%22:0},{%22value%22:%22ich bin mir noch unsicher%22,%22checked%22:0,%22dragID%22:5}%93&#8243; fullwidth_field=&#8220;on&#8220; _builder_version=&#8220;4.27.6&#8243; _module_preset=&#8220;default&#8220; hover_enabled=&#8220;0&#8243; use_field_label=&#8220;on&#8220; global_colors_info=&#8220;{}&#8220; sticky_enabled=&#8220;0&#8243;][\/et_pb_contact_field][et_pb_contact_field field_id=&#8220;Bewerbungsschreiben&#8220; field_title=&#8220;Bewerbungsschreiben&#8220; required_mark=&#8220;off&#8220; _builder_version=&#8220;4.27.4&#8243; _module_preset=&#8220;default&#8220; use_field_label=&#8220;on&#8220; field_description=&#8220;(max. 1 PDF)&#8220; field_description_location=&#8220;above&#8220; use_file_upload=&#8220;on&#8220; files_limit=&#8220;1&#8243; file_mime=&#8220;off|off|off|off|off|off|off|off|off|off|off|off|off|off|off|off|off|off|off|off|off|off|off|off|off|off|off|off|off|off|off|off|off|off|off|off|off|off|off|off|off|off|off|off|off|off|off|off|on|off|off|off|off|off|off|off|off|off|off|off|off|off|off|off|off|off|off|off|off|off|off|off|off|off|off|off|off|off|off|off|off|off|off|off|off|off|off|off|off|off|off|off|off|off|off|off|off&#8220; global_colors_info=&#8220;{}&#8220;][\/et_pb_contact_field][et_pb_contact_field field_id=&#8220;Lebenslauf&#8220; field_title=&#8220;Lebenslauf&#8220; required_mark=&#8220;off&#8220; _builder_version=&#8220;4.27.4&#8243; _module_preset=&#8220;default&#8220; use_field_label=&#8220;on&#8220; field_description=&#8220;(max. 1 PDF)&#8220; field_description_location=&#8220;above&#8220; use_file_upload=&#8220;on&#8220; files_limit=&#8220;1&#8243; file_mime=&#8220;off|off|off|off|off|off|off|off|off|off|off|off|off|off|off|off|off|off|off|off|off|off|off|off|off|off|off|off|off|off|off|off|off|off|off|off|off|off|off|off|off|off|off|off|off|off|off|off|on|off|off|off|off|off|off|off|off|off|off|off|off|off|off|off|off|off|off|off|off|off|off|off|off|off|off|off|off|off|off|off|off|off|off|off|off|off|off|off|off|off|off|off|off|off|off|off|off&#8220; global_colors_info=&#8220;{}&#8220;][\/et_pb_contact_field][et_pb_contact_field field_id=&#8220;Zeugnisse&#8220; field_title=&#8220;Zeugnisse&#8220; required_mark=&#8220;off&#8220; _builder_version=&#8220;4.27.4&#8243; _module_preset=&#8220;default&#8220; use_field_label=&#8220;on&#8220; field_description=&#8220;(max. 3 PDF)&#8220; field_description_location=&#8220;above&#8220; use_file_upload=&#8220;on&#8220; files_limit=&#8220;3&#8243; file_mime=&#8220;off|off|off|off|off|off|off|off|off|off|off|off|off|off|off|off|off|off|off|off|off|off|off|off|off|off|off|off|off|off|off|off|off|off|off|off|off|off|off|off|off|off|off|off|off|off|off|off|on|off|off|off|off|off|off|off|off|off|off|off|off|off|off|off|off|off|off|off|off|off|off|off|off|off|off|off|off|off|off|off|off|off|off|off|off|off|off|off|off|off|off|off|off|off|off|off|off&#8220; global_colors_info=&#8220;{}&#8220;][\/et_pb_contact_field][et_pb_contact_field field_id=&#8220;Sonstiges&#8220; field_title=&#8220;Sonstiges&#8220; required_mark=&#8220;off&#8220; _builder_version=&#8220;4.27.4&#8243; _module_preset=&#8220;default&#8220; use_field_label=&#8220;on&#8220; field_description=&#8220;(max. 5 PDF)&#8220; field_description_location=&#8220;above&#8220; use_file_upload=&#8220;on&#8220; files_limit=&#8220;1&#8243; file_mime=&#8220;off|off|off|off|off|off|off|off|off|off|off|off|off|off|off|off|off|off|off|off|off|off|off|off|off|off|off|off|off|off|off|off|off|off|off|off|off|off|off|off|off|off|off|off|off|off|off|off|on|off|off|off|off|off|off|off|off|off|off|off|off|off|off|off|off|off|off|off|off|off|off|off|off|off|off|off|off|off|off|off|off|off|off|off|off|off|off|off|off|off|off|off|off|off|off|off|off&#8220; global_colors_info=&#8220;{}&#8220;][\/et_pb_contact_field][et_pb_contact_field field_id=&#8220;Datenschutz&#8220; field_title=&#8220;Datenschutz&#8220; field_type=&#8220;checkbox&#8220; checkbox_options=&#8220;%91{%22value%22:%22Hiermit best\u00e4tige ich die Datenschutzerkl\u00e4rung%22,%22checked%22:0,%22dragID%22:-1,%22link_url%22:%22https:\/\/pflegeschule-delmenhorst.de\/index.php\/datenschutz%22,%22link_text%22:%22%22}%93&#8243; fullwidth_field=&#8220;on&#8220; _builder_version=&#8220;4.27.0&#8243; _module_preset=&#8220;default&#8220; use_field_label_cr=&#8220;off&#8220; global_colors_info=&#8220;{}&#8220;][\/et_pb_contact_field][\/et_pb_contact_form][\/et_pb_column][et_pb_column type=&#8220;1_3&#8243; _builder_version=&#8220;4.26.0&#8243; _module_preset=&#8220;default&#8220; background_color=&#8220;#faffc7&#8243; custom_padding=&#8220;25px|25px|25px|25px|false|false&#8220; sticky_position=&#8220;top&#8220; sticky_position_tablet=&#8220;none&#8220; sticky_position_phone=&#8220;none&#8220; sticky_position_last_edited=&#8220;on|phone&#8220; global_colors_info=&#8220;{}&#8220;][et_pb_text _builder_version=&#8220;4.25.2&#8243; _module_preset=&#8220;default&#8220; global_colors_info=&#8220;{}&#8220;]<\/p>\n<p>Hast Du zur Ausbildung oder zu unserer Schule Fragen?<br \/>Ruf uns an, wir informieren Dich gerne telefonisch oder nach Vereinbarung in einem pers\u00f6nlichen Gespr\u00e4ch!<\/p>\n<p><strong>SEKRETARIAT<\/strong><br \/>Anke M\u00fcnzner<br \/>Fon: 04221 &#8211; 99 5484<\/p>\n<p><strong>\u00d6FFNUNGSZEITEN<\/strong><br \/>Montags bis Freitags:<br \/>8:15 &#8211; 12:00 Uhr<\/p>\n<p>[\/et_pb_text][\/et_pb_column][\/et_pb_row][\/et_pb_section]<\/p>\n","protected":false},"excerpt":{"rendered":"<p>Die Ausbildung bei uns! Schule f\u00fcr PflegeberufeWir bilden f\u00fcr das Delme Klinikum Delmenhorst, f\u00fcr das Altenpflegeheim im Wichernstift, der ambulanten Intensivpflege Habitare, der Fachklinik f\u00fcr Orthop\u00e4die, STENUM Ortho GmbH, dem DRK Rote Kreuz-Stift \u00a0und der Seniorenresidenz Haus am Park aus. Wenn Du die Ausbildung zur Pflegefachfrau oder zum Pflegefachmann bei uns an der Schule f\u00fcr [&hellip;]<\/p>\n","protected":false},"author":2,"featured_media":0,"parent":0,"menu_order":0,"comment_status":"closed","ping_status":"closed","template":"","meta":{"_et_pb_use_builder":"on","_et_pb_old_content":"","_et_gb_content_width":"","footnotes":""},"class_list":["post-229807","page","type-page","status-publish","hentry"],"_links":{"self":[{"href":"https:\/\/pflegeschule-delmenhorst.de\/bewerbung\/wp-json\/wp\/v2\/pages\/229807","targetHints":{"allow":["GET"]}}],"collection":[{"href":"https:\/\/pflegeschule-delmenhorst.de\/bewerbung\/wp-json\/wp\/v2\/pages"}],"about":[{"href":"https:\/\/pflegeschule-delmenhorst.de\/bewerbung\/wp-json\/wp\/v2\/types\/page"}],"author":[{"embeddable":true,"href":"https:\/\/pflegeschule-delmenhorst.de\/bewerbung\/wp-json\/wp\/v2\/users\/2"}],"replies":[{"embeddable":true,"href":"https:\/\/pflegeschule-delmenhorst.de\/bewerbung\/wp-json\/wp\/v2\/comments?post=229807"}],"version-history":[{"count":191,"href":"https:\/\/pflegeschule-delmenhorst.de\/bewerbung\/wp-json\/wp\/v2\/pages\/229807\/revisions"}],"predecessor-version":[{"id":231520,"href":"https:\/\/pflegeschule-delmenhorst.de\/bewerbung\/wp-json\/wp\/v2\/pages\/229807\/revisions\/231520"}],"wp:attachment":[{"href":"https:\/\/pflegeschule-delmenhorst.de\/bewerbung\/wp-json\/wp\/v2\/media?parent=229807"}],"curies":[{"name":"wp","href":"https:\/\/api.w.org\/{rel}","templated":true}]}}